{"id":18308,"date":"2023-10-31T16:02:00","date_gmt":"2023-10-31T19:02:00","guid":{"rendered":"https:\/\/adaibrasil.org.br\/?page_id=18308"},"modified":"2026-02-27T10:09:15","modified_gmt":"2026-02-27T13:09:15","slug":"home-2","status":"publish","type":"page","link":"https:\/\/adaibrasil.org.br\/en\/","title":{"rendered":"Home"},"content":{"rendered":"\n        <div class=\"wp-block-getwid-post-slider custom-post-type-post alignfull slider-home has-arrows-inside has-dots-inside\">\n            <div data-slider-option=\"{&quot;getwid_fade_effect&quot;:&quot;slide&quot;,&quot;getwid_autoplay&quot;:false,&quot;getwid_pause_on_hover&quot;:false,&quot;getwid_autoplay_speed&quot;:6000,&quot;getwid_infinite&quot;:true,&quot;getwid_animation_speed&quot;:800,&quot;getwid_arrows&quot;:&quot;inside&quot;,&quot;getwid_dots&quot;:&quot;inside&quot;}\" class=\"wp-block-getwid-post-slider__content\">\n                \t\t\t\t\t\t\t<div class=\"wp-block-getwid-post-slider__slide\" style=\"\">\n\t\t\t\t\t\t\t\t\n<div class=\"wp-block-columns is-layout-flex wp-container-core-columns-is-layout-28f84493 wp-block-columns-is-layout-flex\">\n<div class=\"wp-block-column is-layout-flow wp-block-column-is-layout-flow\">\n<div class=\"wp-block-getwid-template-post-featured-image\" >\n            <a href=\"https:\/\/adaibrasil.org.br\/en\/energy-education-and-sustainability-initiative-in-perus-and-sao-miguel-paulista-theoretical-workshops-and-solar-panel-installation\/\">\n        <img loading=\"lazy\" decoding=\"async\" width=\"1024\" height=\"767\" src=\"https:\/\/adaibrasil.org.br\/wp-content\/uploads\/2024\/07\/20240705_CAPACITACAO_ENERGIA_TECNOLOGIA_SOCIAL-1-1024x767.jpeg\" class=\"attachment-large size-large wp-post-image\" alt=\"Energy Education and Sustainability Initiative in Perus and S\u00e3o Miguel Paulista: Theoretical Workshops and Solar Panel Installation\" srcset=\"https:\/\/adaibrasil.org.br\/wp-content\/uploads\/2024\/07\/20240705_CAPACITACAO_ENERGIA_TECNOLOGIA_SOCIAL-1-1024x767.jpeg 1024w, https:\/\/adaibrasil.org.br\/wp-content\/uploads\/2024\/07\/20240705_CAPACITACAO_ENERGIA_TECNOLOGIA_SOCIAL-1-300x225.jpeg 300w, https:\/\/adaibrasil.org.br\/wp-content\/uploads\/2024\/07\/20240705_CAPACITACAO_ENERGIA_TECNOLOGIA_SOCIAL-1-768x575.jpeg 768w, https:\/\/adaibrasil.org.br\/wp-content\/uploads\/2024\/07\/20240705_CAPACITACAO_ENERGIA_TECNOLOGIA_SOCIAL-1.jpeg 1440w\" sizes=\"auto, (max-width: 1024px) 100vw, 1024px\" \/>            <\/a>\n    <\/div>\n<\/div>\n\n\n\n<div class=\"wp-block-column slider-content is-layout-flow wp-block-column-is-layout-flow\"><div class=\"taxonomy-category wp-block-post-terms\"><a href=\"https:\/\/adaibrasil.org.br\/en\/category\/news\/\" rel=\"tag\">News<\/a><\/div>\n\n\n<h3 class=\"wp-block-getwid-template-post-title\"><a class=\"wp-block-getwid-template-post-title__link\" href=\"https:\/\/adaibrasil.org.br\/en\/energy-education-and-sustainability-initiative-in-perus-and-sao-miguel-paulista-theoretical-workshops-and-solar-panel-installation\/\">Energy Education and Sustainability Initiative in Perus and S\u00e3o Miguel Paulista: Theoretical Workshops and Solar Panel Installation<\/a><\/h3>\n\n\n<div class=\"wp-block-getwid-template-post-content is-excerpt\" ><p>The project &#8220;Training in energy alternatives and social technology &#8211; using the potential of solar energy to heat water&#8221;, promoted by the Interstate Agricultural Development Association, with the support of the Federal Government&#8217;s Ministry of Science, Technology and Innovation, has concluded the theoretical phase of the training, consisting of three workshops on the energy context&hellip;<\/p><\/div>\n<\/div>\n<\/div>\n\t\t\t\t\t\t\t<\/div>\n\t\t\t\t\t\t\t\t\t\t\t\t\t<div class=\"wp-block-getwid-post-slider__slide\" style=\"\">\n\t\t\t\t\t\t\t\t\n<div class=\"wp-block-columns is-layout-flex wp-container-core-columns-is-layout-28f84493 wp-block-columns-is-layout-flex\">\n<div class=\"wp-block-column is-layout-flow wp-block-column-is-layout-flow\">\n<div class=\"wp-block-getwid-template-post-featured-image\" >\n            <a href=\"https:\/\/adaibrasil.org.br\/en\/doce-public-notice-2023-is-canceled-due-to-suspicions-of-flaws-on-the-part-of-the-renova-foundation-in-the-selection-process\/\">\n        <img loading=\"lazy\" decoding=\"async\" width=\"480\" height=\"360\" src=\"https:\/\/adaibrasil.org.br\/wp-content\/uploads\/2023\/12\/site-1.png\" class=\"attachment-large size-large wp-post-image\" alt=\"DOCE PUBLIC NOTICE 2023 IS CANCELED DUE TO SUSPICIONS OF FLAWS ON THE PART OF THE RENOVA FOUNDATION IN THE SELECTION PROCESS.\" srcset=\"https:\/\/adaibrasil.org.br\/wp-content\/uploads\/2023\/12\/site-1.png 480w, https:\/\/adaibrasil.org.br\/wp-content\/uploads\/2023\/12\/site-1-300x225.png 300w\" sizes=\"auto, (max-width: 480px) 100vw, 480px\" \/>            <\/a>\n    <\/div>\n<\/div>\n\n\n\n<div class=\"wp-block-column slider-content is-layout-flow wp-block-column-is-layout-flow\"><div class=\"taxonomy-category wp-block-post-terms\"><a href=\"https:\/\/adaibrasil.org.br\/en\/category\/news\/\" rel=\"tag\">News<\/a><\/div>\n\n\n<h3 class=\"wp-block-getwid-template-post-title\"><a class=\"wp-block-getwid-template-post-title__link\" href=\"https:\/\/adaibrasil.org.br\/en\/doce-public-notice-2023-is-canceled-due-to-suspicions-of-flaws-on-the-part-of-the-renova-foundation-in-the-selection-process\/\">DOCE PUBLIC NOTICE 2023 IS CANCELED DUE TO SUSPICIONS OF FLAWS ON THE PART OF THE RENOVA FOUNDATION IN THE SELECTION PROCESS.<\/a><\/h3>\n\n\n<div class=\"wp-block-getwid-template-post-content is-excerpt\" ><p>On November 10, 2023, the 63rd ordinary meeting of the Renova Foundation&#8217;s Technical Chamber for Education, Culture, Leisure, Sport and Tourism (CT-ECLET) took place, and one of its agendas was issues related to irregularities concerning the Doce 2023 Call for Proposals (third cycle) organized by the Foundation. At the CT-ECLET meeting, the Renova Foundation stated&hellip;<\/p><\/div>\n<\/div>\n<\/div>\n\t\t\t\t\t\t\t<\/div>\n\t\t\t\t\t\t\t\t\t\t\t\t\t<div class=\"wp-block-getwid-post-slider__slide\" style=\"\">\n\t\t\t\t\t\t\t\t\n<div class=\"wp-block-columns is-layout-flex wp-container-core-columns-is-layout-28f84493 wp-block-columns-is-layout-flex\">\n<div class=\"wp-block-column is-layout-flow wp-block-column-is-layout-flow\">\n<div class=\"wp-block-getwid-template-post-featured-image\" >\n            <a href=\"https:\/\/adaibrasil.org.br\/en\/note-of-support-for-the-quilombola-people-of-sape-do-norte-and-repudiation-of-the-truculent-actions-of-the-military-police-and-the-suzano-company\/\">\n        <img loading=\"lazy\" decoding=\"async\" width=\"480\" height=\"360\" src=\"https:\/\/adaibrasil.org.br\/wp-content\/uploads\/2023\/12\/site_1.jpg\" class=\"attachment-large size-large wp-post-image\" alt=\"NOTE OF SUPPORT FOR THE QUILOMBOLA PEOPLE OF SAP\u00ca DO NORTE AND REPUDIATION OF THE TRUCULENT ACTIONS OF THE MILITARY POLICE AND THE SUZANO COMPANY\" srcset=\"https:\/\/adaibrasil.org.br\/wp-content\/uploads\/2023\/12\/site_1.jpg 480w, https:\/\/adaibrasil.org.br\/wp-content\/uploads\/2023\/12\/site_1-300x225.jpg 300w\" sizes=\"auto, (max-width: 480px) 100vw, 480px\" \/>            <\/a>\n    <\/div>\n<\/div>\n\n\n\n<div class=\"wp-block-column slider-content is-layout-flow wp-block-column-is-layout-flow\"><div class=\"taxonomy-category wp-block-post-terms\"><a href=\"https:\/\/adaibrasil.org.br\/en\/category\/news\/\" rel=\"tag\">News<\/a><\/div>\n\n\n<h3 class=\"wp-block-getwid-template-post-title\"><a class=\"wp-block-getwid-template-post-title__link\" href=\"https:\/\/adaibrasil.org.br\/en\/note-of-support-for-the-quilombola-people-of-sape-do-norte-and-repudiation-of-the-truculent-actions-of-the-military-police-and-the-suzano-company\/\">NOTE OF SUPPORT FOR THE QUILOMBOLA PEOPLE OF SAP\u00ca DO NORTE AND REPUDIATION OF THE TRUCULENT ACTIONS OF THE MILITARY POLICE AND THE SUZANO COMPANY<\/a><\/h3>\n\n\n<div class=\"wp-block-getwid-template-post-content is-excerpt\" ><p>Adai&#8217;s Technical Office for Affected People hereby expresses its solidarity and support for quilombola Ant\u00f4nio Sapezeiro and the quilombola people of the Nova Vista community, which belongs to the Sap\u00ea do Norte territory and has historically fought for its right to life, to remain in the territory and to land. Ant\u00f4nio is part of and&hellip;<\/p><\/div>\n<\/div>\n<\/div>\n\t\t\t\t\t\t\t<\/div>\n\t\t\t\t\t\t\t\t\t\t\t\t\t<div class=\"wp-block-getwid-post-slider__slide\" style=\"\">\n\t\t\t\t\t\t\t\t\n<div class=\"wp-block-columns is-layout-flex wp-container-core-columns-is-layout-28f84493 wp-block-columns-is-layout-flex\">\n<div class=\"wp-block-column is-layout-flow wp-block-column-is-layout-flow\">\n<div class=\"wp-block-getwid-template-post-featured-image\" >\n            <a href=\"https:\/\/adaibrasil.org.br\/en\/08-years-since-the-arrival-of-the-samarco-vale-bhp-mud-in-espirito-santo-2\/\">\n        <img loading=\"lazy\" decoding=\"async\" width=\"640\" height=\"480\" src=\"https:\/\/adaibrasil.org.br\/wp-content\/uploads\/2023\/11\/Chegada-da-Lama-da-barragem-de-fundao-no-es.jpeg\" class=\"attachment-large size-large wp-post-image\" alt=\"08 years since the arrival of the Samarco\/Vale\/BHP mud in Esp\u00edrito Santo\" srcset=\"https:\/\/adaibrasil.org.br\/wp-content\/uploads\/2023\/11\/Chegada-da-Lama-da-barragem-de-fundao-no-es.jpeg 640w, https:\/\/adaibrasil.org.br\/wp-content\/uploads\/2023\/11\/Chegada-da-Lama-da-barragem-de-fundao-no-es-300x225.jpeg 300w\" sizes=\"auto, (max-width: 640px) 100vw, 640px\" \/>            <\/a>\n    <\/div>\n<\/div>\n\n\n\n<div class=\"wp-block-column slider-content is-layout-flow wp-block-column-is-layout-flow\"><div class=\"taxonomy-category wp-block-post-terms\"><a href=\"https:\/\/adaibrasil.org.br\/en\/category\/news\/\" rel=\"tag\">News<\/a><\/div>\n\n\n<h3 class=\"wp-block-getwid-template-post-title\"><a class=\"wp-block-getwid-template-post-title__link\" href=\"https:\/\/adaibrasil.org.br\/en\/08-years-since-the-arrival-of-the-samarco-vale-bhp-mud-in-espirito-santo-2\/\">08 years since the arrival of the Samarco\/Vale\/BHP mud in Esp\u00edrito Santo<\/a><\/h3>\n\n\n<div class=\"wp-block-getwid-template-post-content is-excerpt\" ><p>&#8220;The Rio Doce, once a symbol of life, has been contaminated, leaving a trail of destruction and lasting impacts&#8221;&nbsp; &nbsp; The river that was sweet now tastes heavy metals from mining, which continue to contaminate its waters, its tributaries and the sea. A bitterness that destroys the environment, human lives and animals.&nbsp; &nbsp; According to&hellip;<\/p><\/div>\n<\/div>\n<\/div>\n\t\t\t\t\t\t\t<\/div>\n\t\t\t\t\t\t            <\/div>\n        <\/div>\n        \n\n\n<div class=\"wp-block-cover alignwide is-light\" style=\"padding-top:0;padding-right:0;padding-bottom:0;padding-left:0\" id=\"container-noticias\"><span aria-hidden=\"true\" class=\"wp-block-cover__background has-white-background-color has-background-dim-100 has-background-dim\"><\/span><div class=\"wp-block-cover__inner-container is-layout-constrained wp-container-core-cover-is-layout-77f18168 wp-block-cover-is-layout-constrained\">\n<h2 class=\"wp-block-heading alignwide\">Latest news<\/h2>\n\n\n\n<div class=\"wp-block-query alignwide is-layout-flow wp-block-query-is-layout-flow\"><ul class=\"columns-3 wp-block-post-template has-background has-high-pure-background-color is-layout-grid wp-container-core-post-template-is-layout-6d3fbd8f wp-block-post-template-is-layout-grid\"><li class=\"wp-block-post post-17156 post type-post status-publish format-standard has-post-thumbnail hentry category-news\">\n\n<div class=\"wp-block-group is-layout-flow wp-block-group-is-layout-flow\" style=\"padding-top:30px;padding-right:5px;padding-bottom:30px;padding-left:5px\"><figure style=\"padding-top:0;padding-bottom:0;margin-top:0;margin-bottom:var(--wp--preset--spacing--20);\" class=\"wp-block-post-featured-image\"><a href=\"https:\/\/adaibrasil.org.br\/en\/energy-education-and-sustainability-initiative-in-perus-and-sao-miguel-paulista-theoretical-workshops-and-solar-panel-installation\/\" target=\"_self\"  ><img loading=\"lazy\" decoding=\"async\" width=\"1440\" height=\"1079\" src=\"https:\/\/adaibrasil.org.br\/wp-content\/uploads\/2024\/07\/20240705_CAPACITACAO_ENERGIA_TECNOLOGIA_SOCIAL-1.jpeg\" class=\"attachment-post-thumbnail size-post-thumbnail wp-post-image\" alt=\"Energy Education and Sustainability Initiative in Perus and S\u00e3o Miguel Paulista: Theoretical Workshops and Solar Panel Installation\" style=\"object-fit:cover;\" srcset=\"https:\/\/adaibrasil.org.br\/wp-content\/uploads\/2024\/07\/20240705_CAPACITACAO_ENERGIA_TECNOLOGIA_SOCIAL-1.jpeg 1440w, https:\/\/adaibrasil.org.br\/wp-content\/uploads\/2024\/07\/20240705_CAPACITACAO_ENERGIA_TECNOLOGIA_SOCIAL-1-300x225.jpeg 300w, https:\/\/adaibrasil.org.br\/wp-content\/uploads\/2024\/07\/20240705_CAPACITACAO_ENERGIA_TECNOLOGIA_SOCIAL-1-1024x767.jpeg 1024w, https:\/\/adaibrasil.org.br\/wp-content\/uploads\/2024\/07\/20240705_CAPACITACAO_ENERGIA_TECNOLOGIA_SOCIAL-1-768x575.jpeg 768w\" sizes=\"auto, (max-width: 1440px) 100vw, 1440px\" \/><\/a><\/figure>\n\n\n\n<h2 class=\"wp-block-post-title\"><a href=\"https:\/\/adaibrasil.org.br\/en\/energy-education-and-sustainability-initiative-in-perus-and-sao-miguel-paulista-theoretical-workshops-and-solar-panel-installation\/\" target=\"_self\" >Energy Education and Sustainability Initiative in Perus and S\u00e3o Miguel Paulista: Theoretical Workshops and Solar Panel Installation<\/a><\/h2>\n\n<div class=\"wp-block-post-date\"><time datetime=\"2024-07-05T15:21:58-03:00\">5 de July de 2024<\/time><\/div>\n\n<div class=\"wp-block-post-excerpt\"><p class=\"wp-block-post-excerpt__excerpt\">The project &#8220;Training in energy alternatives and social technology &#8211; using the potential of solar energy to heat water&#8221;, promoted&hellip; <\/p><\/div><\/div>\n\n<\/li><li class=\"wp-block-post post-11991 post type-post status-publish format-standard has-post-thumbnail hentry category-news tag-news\">\n\n<div class=\"wp-block-group is-layout-flow wp-block-group-is-layout-flow\" style=\"padding-top:30px;padding-right:5px;padding-bottom:30px;padding-left:5px\"><figure style=\"padding-top:0;padding-bottom:0;margin-top:0;margin-bottom:var(--wp--preset--spacing--20);\" class=\"wp-block-post-featured-image\"><a href=\"https:\/\/adaibrasil.org.br\/en\/doce-public-notice-2023-is-canceled-due-to-suspicions-of-flaws-on-the-part-of-the-renova-foundation-in-the-selection-process\/\" target=\"_self\"  ><img loading=\"lazy\" decoding=\"async\" width=\"480\" height=\"360\" src=\"https:\/\/adaibrasil.org.br\/wp-content\/uploads\/2023\/12\/site-1.png\" class=\"attachment-post-thumbnail size-post-thumbnail wp-post-image\" alt=\"DOCE PUBLIC NOTICE 2023 IS CANCELED DUE TO SUSPICIONS OF FLAWS ON THE PART OF THE RENOVA FOUNDATION IN THE SELECTION PROCESS.\" style=\"object-fit:cover;\" srcset=\"https:\/\/adaibrasil.org.br\/wp-content\/uploads\/2023\/12\/site-1.png 480w, https:\/\/adaibrasil.org.br\/wp-content\/uploads\/2023\/12\/site-1-300x225.png 300w\" sizes=\"auto, (max-width: 480px) 100vw, 480px\" \/><\/a><\/figure>\n\n\n\n<h2 class=\"wp-block-post-title\"><a href=\"https:\/\/adaibrasil.org.br\/en\/doce-public-notice-2023-is-canceled-due-to-suspicions-of-flaws-on-the-part-of-the-renova-foundation-in-the-selection-process\/\" target=\"_self\" >DOCE PUBLIC NOTICE 2023 IS CANCELED DUE TO SUSPICIONS OF FLAWS ON THE PART OF THE RENOVA FOUNDATION IN THE SELECTION PROCESS.<\/a><\/h2>\n\n<div class=\"wp-block-post-date\"><time datetime=\"2023-12-01T14:28:13-03:00\">1 de December de 2023<\/time><\/div>\n\n<div class=\"wp-block-post-excerpt\"><p class=\"wp-block-post-excerpt__excerpt\">On November 10, 2023, the 63rd ordinary meeting of the Renova Foundation&#8217;s Technical Chamber for Education, Culture, Leisure, Sport and&hellip; <\/p><\/div><\/div>\n\n<\/li><li class=\"wp-block-post post-11997 post type-post status-publish format-standard has-post-thumbnail hentry category-news tag-news programa-rio-doce\">\n\n<div class=\"wp-block-group is-layout-flow wp-block-group-is-layout-flow\" style=\"padding-top:30px;padding-right:5px;padding-bottom:30px;padding-left:5px\"><figure style=\"padding-top:0;padding-bottom:0;margin-top:0;margin-bottom:var(--wp--preset--spacing--20);\" class=\"wp-block-post-featured-image\"><a href=\"https:\/\/adaibrasil.org.br\/en\/note-of-support-for-the-quilombola-people-of-sape-do-norte-and-repudiation-of-the-truculent-actions-of-the-military-police-and-the-suzano-company\/\" target=\"_self\"  ><img loading=\"lazy\" decoding=\"async\" width=\"480\" height=\"360\" src=\"https:\/\/adaibrasil.org.br\/wp-content\/uploads\/2023\/12\/site_1.jpg\" class=\"attachment-post-thumbnail size-post-thumbnail wp-post-image\" alt=\"NOTE OF SUPPORT FOR THE QUILOMBOLA PEOPLE OF SAP\u00ca DO NORTE AND REPUDIATION OF THE TRUCULENT ACTIONS OF THE MILITARY POLICE AND THE SUZANO COMPANY\" style=\"object-fit:cover;\" srcset=\"https:\/\/adaibrasil.org.br\/wp-content\/uploads\/2023\/12\/site_1.jpg 480w, https:\/\/adaibrasil.org.br\/wp-content\/uploads\/2023\/12\/site_1-300x225.jpg 300w\" sizes=\"auto, (max-width: 480px) 100vw, 480px\" \/><\/a><\/figure>\n\n\n\n<h2 class=\"wp-block-post-title\"><a href=\"https:\/\/adaibrasil.org.br\/en\/note-of-support-for-the-quilombola-people-of-sape-do-norte-and-repudiation-of-the-truculent-actions-of-the-military-police-and-the-suzano-company\/\" target=\"_self\" >NOTE OF SUPPORT FOR THE QUILOMBOLA PEOPLE OF SAP\u00ca DO NORTE AND REPUDIATION OF THE TRUCULENT ACTIONS OF THE MILITARY POLICE AND THE SUZANO COMPANY<\/a><\/h2>\n\n<div class=\"wp-block-post-date\"><time datetime=\"2023-11-29T20:06:00-03:00\">29 de November de 2023<\/time><\/div>\n\n<div class=\"wp-block-post-excerpt\"><p class=\"wp-block-post-excerpt__excerpt\">Adai&#8217;s Technical Office for Affected People hereby expresses its solidarity and support for quilombola Ant\u00f4nio Sapezeiro and the quilombola people&hellip; <\/p><\/div><\/div>\n\n<\/li><\/ul><\/div>\n\n\n\n<div class=\"wp-block-buttons is-content-justification-center is-layout-flex wp-container-core-buttons-is-layout-a89b3969 wp-block-buttons-is-layout-flex\">\n<div class=\"wp-block-button\"><a class=\"wp-block-button__link has-text-align-center wp-element-button\" href=\"\/?editoria=noticias\">All news<\/a><\/div>\n<\/div>\n<\/div><\/div>\n\n\n\n<div class=\"wp-block-cover alignwide is-light\" style=\"padding-right:30px;padding-left:30px\" id=\"container-amazonia-rio-doce\"><span aria-hidden=\"true\" class=\"wp-block-cover__background has-high-pure-background-color has-background-dim-100 has-background-dim\"><\/span><div class=\"wp-block-cover__inner-container is-layout-constrained wp-container-core-cover-is-layout-9bc35f5b wp-block-cover-is-layout-constrained\">\n<div class=\"wp-block-columns alignwide is-layout-flex wp-container-core-columns-is-layout-28f84493 wp-block-columns-is-layout-flex\">\n<div class=\"wp-block-column is-vertically-aligned-top is-layout-flow wp-block-column-is-layout-flow\">\n<div class=\"wp-block-cover is-light\" style=\"min-height:400px;aspect-ratio:unset;\"><img loading=\"lazy\" decoding=\"async\" width=\"570\" height=\"400\" class=\"wp-block-cover__image-background wp-image-118\" alt=\"\" src=\"https:\/\/adaibrasil.org.br\/wp-content\/uploads\/2023\/11\/agua.png\" data-object-fit=\"cover\" srcset=\"https:\/\/adaibrasil.org.br\/wp-content\/uploads\/2023\/11\/agua.png 570w, https:\/\/adaibrasil.org.br\/wp-content\/uploads\/2023\/11\/agua-300x211.png 300w\" sizes=\"auto, (max-width: 570px) 100vw, 570px\" \/><span aria-hidden=\"true\" class=\"wp-block-cover__background has-background-dim-0 has-background-dim\"><\/span><div class=\"wp-block-cover__inner-container is-layout-flow wp-block-cover-is-layout-flow\">\n<figure class=\"wp-block-image aligncenter size-full\"><img loading=\"lazy\" decoding=\"async\" width=\"433\" height=\"99\" src=\"https:\/\/adaibrasil.org.br\/wp-content\/uploads\/2023\/11\/Assessoria-tecnica-rio-doce.png\" alt=\"\" class=\"wp-image-1639\" title=\"Assessoria Rio Doce\" srcset=\"https:\/\/adaibrasil.org.br\/wp-content\/uploads\/2023\/11\/Assessoria-tecnica-rio-doce.png 433w, https:\/\/adaibrasil.org.br\/wp-content\/uploads\/2023\/11\/Assessoria-tecnica-rio-doce-300x69.png 300w\" sizes=\"auto, (max-width: 433px) 100vw, 433px\" \/><\/figure>\n\n\n\n<p class=\"has-text-align-left has-high-pure-color has-text-color has-link-color wp-elements-15572b35339636ebb733a47cc544b7bb\">Check out content, publications and news related to Technical Assistance for the Affected People of the Rio Doce Basin and the North Coast of Capixaba.<\/p>\n\n\n\n<div class=\"wp-block-buttons is-layout-flex wp-block-buttons-is-layout-flex\">\n<div class=\"wp-block-button\"><a class=\"wp-block-button__link wp-element-button\" href=\"\/?editoria=assessoria-rio-doce-no-espirito-santo\">Check<\/a><\/div>\n<\/div>\n<\/div><\/div>\n<\/div>\n\n\n\n<div class=\"wp-block-column is-layout-flow wp-block-column-is-layout-flow\">\n<div class=\"wp-block-cover\" style=\"min-height:400px;aspect-ratio:unset;\"><img loading=\"lazy\" decoding=\"async\" width=\"1440\" height=\"339\" class=\"wp-block-cover__image-background wp-image-1646\" alt=\"\" src=\"https:\/\/adaibrasil.org.br\/wp-content\/uploads\/2023\/11\/banner-fundo-amazonia.png\" data-object-fit=\"cover\" srcset=\"https:\/\/adaibrasil.org.br\/wp-content\/uploads\/2023\/11\/banner-fundo-amazonia.png 1440w, https:\/\/adaibrasil.org.br\/wp-content\/uploads\/2023\/11\/banner-fundo-amazonia-300x71.png 300w, https:\/\/adaibrasil.org.br\/wp-content\/uploads\/2023\/11\/banner-fundo-amazonia-1024x241.png 1024w, https:\/\/adaibrasil.org.br\/wp-content\/uploads\/2023\/11\/banner-fundo-amazonia-768x181.png 768w\" sizes=\"auto, (max-width: 1440px) 100vw, 1440px\" \/><span aria-hidden=\"true\" class=\"wp-block-cover__background has-background-dim-0 has-background-dim\"><\/span><div class=\"wp-block-cover__inner-container is-layout-flow wp-block-cover-is-layout-flow\">\n<figure class=\"wp-block-image aligncenter size-full\"><a href=\"https:\/\/adaibrasil.org.br\/fundo-amazonia\/\"><img loading=\"lazy\" decoding=\"async\" width=\"410\" height=\"50\" src=\"https:\/\/adaibrasil.org.br\/wp-content\/uploads\/2023\/11\/FUNDO-AMAzoNIA.png\" alt=\"\" class=\"wp-image-126\" srcset=\"https:\/\/adaibrasil.org.br\/wp-content\/uploads\/2023\/11\/FUNDO-AMAzoNIA.png 410w, https:\/\/adaibrasil.org.br\/wp-content\/uploads\/2023\/11\/FUNDO-AMAzoNIA-300x37.png 300w\" sizes=\"auto, (max-width: 410px) 100vw, 410px\" \/><\/a><\/figure>\n\n\n\n<p>Check out content, publications and news related to the Amazon Fund<\/p>\n\n\n\n<div class=\"wp-block-buttons is-layout-flex wp-block-buttons-is-layout-flex\">\n<div class=\"wp-block-button\"><a class=\"wp-block-button__link wp-element-button\" href=\"https:\/\/adaibrasil.org.br\/fundo-amazonia\/\">Check<\/a><\/div>\n<\/div>\n<\/div><\/div>\n<\/div>\n<\/div>\n<\/div><\/div>\n\n\n\n<div class=\"wp-block-cover alignfull is-light\" id=\"container-resultados-editais\"><span aria-hidden=\"true\" class=\"wp-block-cover__background has-high-light-background-color has-background-dim-100 has-background-dim\"><\/span><div class=\"wp-block-cover__inner-container is-layout-constrained wp-block-cover-is-layout-constrained\">\n<h2 class=\"wp-block-heading alignwide\">Hiring Results<\/h2>\n\n\n\n<div class=\"wp-block-query alignwide is-layout-flow wp-block-query-is-layout-flow\"><ul class=\"columns-2 wp-block-post-template is-layout-grid wp-container-core-post-template-is-layout-02493678 wp-block-post-template-is-layout-grid\"><li class=\"wp-block-post post-11935 editais type-editais status-publish hentry etapa-resultados-en programa-fundo-amazonia-17 programa-fundo-amazonia-25\">\n\n<div class=\"wp-block-group is-layout-constrained wp-container-core-group-is-layout-06bef5c2 wp-block-group-is-layout-constrained\" style=\"padding-top:30px;padding-right:0px;padding-bottom:30px;padding-left:0px\">\n\n<h2 class=\"wp-block-post-title\"><a href=\"https:\/\/adaibrasil.org.br\/en\/notices\/result-of-notice-02-2020-to-hire-an-agricultural-sciences-professional-in-tocantins\/\" target=\"_self\" >Result of notice 02\/2020 to hire an Agricultural Sciences professional in Tocantins<\/a><\/h2>\n\n<div class=\"wp-block-post-date\"><time datetime=\"2020-07-24T15:40:46-03:00\">24 de July de 2020<\/time><\/div>\n\n<div class=\"wp-block-post-excerpt\"><p class=\"wp-block-post-excerpt__excerpt\">The members of ADAI&#8217;s selection committee met on July 24, 2020, to evaluate the CVs received from candidates with a view to hiring them to&hellip; <\/p><\/div><\/div>\n\n<\/li><li class=\"wp-block-post post-11939 editais type-editais status-publish hentry etapa-resultados-en programa-fundo-amazonia-17 programa-fundo-amazonia-25\">\n\n<div class=\"wp-block-group is-layout-constrained wp-container-core-group-is-layout-06bef5c2 wp-block-group-is-layout-constrained\" style=\"padding-top:30px;padding-right:0px;padding-bottom:30px;padding-left:0px\">\n\n<h2 class=\"wp-block-post-title\"><a href=\"https:\/\/adaibrasil.org.br\/en\/notices\/hiring-an-agricultural-sciences-professional-for-the-maraba-pa-site\/\" target=\"_self\" >Hiring an Agricultural Sciences Professional for the Marab\u00e1 (PA) site<\/a><\/h2>\n\n<div class=\"wp-block-post-date\"><time datetime=\"2020-06-19T13:43:02-03:00\">19 de June de 2020<\/time><\/div>\n\n<div class=\"wp-block-post-excerpt\"><p class=\"wp-block-post-excerpt__excerpt\">The members of ADAI&#8217;s selection committee met on June 19, 2020, to evaluate the CVs received from candidates with a view to hiring them to&hellip; <\/p><\/div><\/div>\n\n<\/li><li class=\"wp-block-post post-11943 editais type-editais status-publish hentry etapa-resultados-en programa-fundo-amazonia-17 programa-fundo-amazonia-25\">\n\n<div class=\"wp-block-group is-layout-constrained wp-container-core-group-is-layout-06bef5c2 wp-block-group-is-layout-constrained\" style=\"padding-top:30px;padding-right:0px;padding-bottom:30px;padding-left:0px\">\n\n<h2 class=\"wp-block-post-title\"><a href=\"https:\/\/adaibrasil.org.br\/en\/notices\/hiring-a-local-agent-in-rondonia\/\" target=\"_self\" >Hiring a local agent in Rond\u00f4nia<\/a><\/h2>\n\n<div class=\"wp-block-post-date\"><time datetime=\"2019-09-23T16:42:08-03:00\">23 de September de 2019<\/time><\/div>\n\n<div class=\"wp-block-post-excerpt\"><p class=\"wp-block-post-excerpt__excerpt\">Minutes of the trial to hire a local agent for the project Use of social technologies to reduce deforestation in Rond\u00f4nia. See attached. Annex <\/p><\/div><\/div>\n\n<\/li><li class=\"wp-block-post post-11947 editais type-editais status-publish hentry etapa-resultados-en programa-fundo-amazonia-17 programa-fundo-amazonia-25\">\n\n<div class=\"wp-block-group is-layout-constrained wp-container-core-group-is-layout-06bef5c2 wp-block-group-is-layout-constrained\" style=\"padding-top:30px;padding-right:0px;padding-bottom:30px;padding-left:0px\">\n\n<h2 class=\"wp-block-post-title\"><a href=\"https:\/\/adaibrasil.org.br\/en\/notices\/result-of-quotation-002-2018-hiring-of-supplier\/\" target=\"_self\" >Result of Quotation 002\/2018- &#8211; HIRING OF SUPPLIER<\/a><\/h2>\n\n<div class=\"wp-block-post-date\"><time datetime=\"2018-11-27T18:31:08-02:00\">27 de November de 2018<\/time><\/div>\n\n<div class=\"wp-block-post-excerpt\"><p class=\"wp-block-post-excerpt__excerpt\">Please find attached the result of the quotation for the hiring of a company specialized in Independent Auditing services for financial and accounting analysis within&hellip; <\/p><\/div><\/div>\n\n<\/li><li class=\"wp-block-post post-11951 editais type-editais status-publish hentry etapa-resultados-en programa-fundo-amazonia-17 programa-fundo-amazonia-25\">\n\n<div class=\"wp-block-group is-layout-constrained wp-container-core-group-is-layout-06bef5c2 wp-block-group-is-layout-constrained\" style=\"padding-top:30px;padding-right:0px;padding-bottom:30px;padding-left:0px\">\n\n<h2 class=\"wp-block-post-title\"><a href=\"https:\/\/adaibrasil.org.br\/en\/notices\/result-contracting-a-supplier\/\" target=\"_self\" >Result: contracting a supplier<\/a><\/h2>\n\n<div class=\"wp-block-post-date\"><time datetime=\"2018-08-27T12:59:54-03:00\">27 de August de 2018<\/time><\/div>\n\n<div class=\"wp-block-post-excerpt\"><p class=\"wp-block-post-excerpt__excerpt\">The members of the ADAI Board of Directors, signatories to these minutes, met on August twenty-fourth, two thousand and eighteen, to evaluate the proposals received&hellip; <\/p><\/div><\/div>\n\n<\/li><li class=\"wp-block-post post-11953 editais type-editais status-publish hentry etapa-resultados-en programa-fundo-amazonia-17 programa-fundo-amazonia-25\">\n\n<div class=\"wp-block-group is-layout-constrained wp-container-core-group-is-layout-06bef5c2 wp-block-group-is-layout-constrained\" style=\"padding-top:30px;padding-right:0px;padding-bottom:30px;padding-left:0px\">\n\n<h2 class=\"wp-block-post-title\"><a href=\"https:\/\/adaibrasil.org.br\/en\/notices\/results-of-the-call-for-local-agents-in-tocantins\/\" target=\"_self\" >Results of the call for local agents in Tocantins<\/a><\/h2>\n\n<div class=\"wp-block-post-date\"><time datetime=\"2018-08-24T17:45:08-03:00\">24 de August de 2018<\/time><\/div>\n\n<div class=\"wp-block-post-excerpt\"><p class=\"wp-block-post-excerpt__excerpt\">The members of ADAI&#8217;s board of directors, signatories to these minutes, met on August twenty-fourth, two thousand and eighteen, to evaluate the CVs received from&hellip; <\/p><\/div><\/div>\n\n<\/li><li class=\"wp-block-post post-11959 editais type-editais status-publish hentry etapa-resultados-en programa-fundo-amazonia-17 programa-fundo-amazonia-25\">\n\n<div class=\"wp-block-group is-layout-constrained wp-container-core-group-is-layout-06bef5c2 wp-block-group-is-layout-constrained\" style=\"padding-top:30px;padding-right:0px;padding-bottom:30px;padding-left:0px\">\n\n<h2 class=\"wp-block-post-title\"><a href=\"https:\/\/adaibrasil.org.br\/en\/notices\/results-of-the-2017-01-notice\/\" target=\"_self\" >Results of the 2017\/01 notice<\/a><\/h2>\n\n<div class=\"wp-block-post-date\"><time datetime=\"2017-08-31T15:23:40-03:00\">31 de August de 2017<\/time><\/div>\n\n<div class=\"wp-block-post-excerpt\"><p class=\"wp-block-post-excerpt__excerpt\">We are pleased to announce the results of call for proposals number 01 for 2017, to hire staff for the project &#8220;Use of Social Technologies&hellip; <\/p><\/div><\/div>\n\n<\/li><\/ul><\/div>\n\n\n\n<div class=\"wp-block-buttons is-content-justification-center is-layout-flex wp-container-core-buttons-is-layout-a89b3969 wp-block-buttons-is-layout-flex\">\n<div class=\"wp-block-button\"><a class=\"wp-block-button__link wp-element-button\" href=\"https:\/\/adaibrasil.org.br\/editais\/\">Check more results<\/a><\/div>\n<\/div>\n<\/div><\/div>\n\n\n\n<div class=\"wp-block-cover alignfull is-light is-repeated wp-elements-6f88d2b6bf5830fb7d480273c3d1ec24 wp-duotone-unset-1\" style=\"margin-top:0;margin-bottom:0;min-height:185px;aspect-ratio:unset;\" id=\"cobertura-galeria-de-fotos\"><div class=\"wp-block-cover__image-background wp-image-1399 is-repeated\" style=\"background-position:50% 90%;background-image:url(https:\/\/adaibrasil.org.br\/wp-content\/uploads\/2023\/11\/cipo-6.png)\"><\/div><span aria-hidden=\"true\" class=\"wp-block-cover__background has-high-pure-background-color has-background-dim-30 has-background-dim\"><\/span><div class=\"wp-block-cover__inner-container is-layout-constrained wp-block-cover-is-layout-constrained\">\n<h2 class=\"wp-block-heading has-text-align-center has-primary-dark-color has-text-color has-link-color has-really-large-font-size wp-elements-209328bafa72af9ecaab1036780bacd9\" style=\"font-style:normal;font-weight:800\">Photo gallery<\/h2>\n<\/div><\/div>\n\n\n\n<div class=\"wp-block-cover alignfull is-light\" id=\"galeria-imagens\"><span aria-hidden=\"true\" class=\"wp-block-cover__background has-high-pure-background-color has-background-dim-100 has-background-dim\"><\/span><div class=\"wp-block-cover__inner-container is-layout-constrained wp-block-cover-is-layout-constrained\">\n<div class=\"image-gallery hacklab-block\"><div class=\"image-gallery-wrapper\"><div class=\"header\"><div class=\"gallery-title\"><h2><\/h2><\/div><div class=\"actions\"><button action=\"display-grid\"><img decoding=\"async\" src=\"https:\/\/api.iconify.design\/el\/th.svg\"\/><\/button><button action=\"fullscreen\"><img decoding=\"async\" class=\"open-fullscreen\" src=\"https:\/\/api.iconify.design\/ant-design\/fullscreen-outlined.svg\"\/><img decoding=\"async\" class=\"close-fullscreen\" src=\"https:\/\/api.iconify.design\/ant-design\/fullscreen-exit-outlined.svg\"\/><\/button><\/div><\/div><div class=\"gallery-grid\" data-total-slides=\"5\"><div class=\"gallery-item-container\"><img decoding=\"async\" class=\"gallery-item\" src=\"https:\/\/adaibrasil.org.br\/wp-content\/uploads\/2023\/11\/Rectangle-716.png\" alt=\"\"\/><div class=\"image-meta\"><div class=\"image-description\"> <span>\u00c1gua<\/span><\/div><i class=\"fas fa-camera\"><\/i><div class=\"image-credit\"> <span><\/span><\/div><\/div><\/div><div class=\"gallery-item-container\"><img decoding=\"async\" class=\"gallery-item\" src=\"https:\/\/adaibrasil.org.br\/wp-content\/uploads\/2023\/11\/Rectangle-718-1.png\" alt=\"\"\/><div class=\"image-meta\"><div class=\"image-description\"> <span><\/span><\/div><i class=\"fas fa-camera\"><\/i><div class=\"image-credit\"> <span><\/span><\/div><\/div><\/div><div class=\"gallery-item-container\"><img decoding=\"async\" class=\"gallery-item\" src=\"https:\/\/adaibrasil.org.br\/wp-content\/uploads\/2023\/11\/trajetoria_conteudo-2.png\" alt=\"\"\/><div class=\"image-meta\"><div class=\"image-description\"> <span><\/span><\/div><i class=\"fas fa-camera\"><\/i><div class=\"image-credit\"> <span><\/span><\/div><\/div><\/div><div class=\"gallery-item-container\"><img decoding=\"async\" class=\"gallery-item\" src=\"https:\/\/adaibrasil.org.br\/wp-content\/uploads\/2023\/11\/fundo-banner-edital-aberto.png\" alt=\"\"\/><div class=\"image-meta\"><div class=\"image-description\"> <span><\/span><\/div><i class=\"fas fa-camera\"><\/i><div class=\"image-credit\"> <span><\/span><\/div><\/div><\/div><div class=\"gallery-item-container\"><img decoding=\"async\" class=\"gallery-item\" src=\"https:\/\/adaibrasil.org.br\/wp-content\/uploads\/2023\/11\/conteudo-sobre-assessoria.png\" alt=\"\"\/><div class=\"image-meta\"><div class=\"image-description\"> <span><\/span><\/div><i class=\"fas fa-camera\"><\/i><div class=\"image-credit\"> <span><\/span><\/div><\/div><\/div><\/div><\/div><\/div>\n\n\n\n<div class=\"wp-block-buttons is-content-justification-center is-layout-flex wp-container-core-buttons-is-layout-a89b3969 wp-block-buttons-is-layout-flex\">\n<div class=\"wp-block-button\"><a class=\"wp-block-button__link wp-element-button\" href=\"https:\/\/adaibrasil.org.br\/fotos\/\">Check out more photos<\/a><\/div>\n<\/div>\n<\/div><\/div>\n\n\n\n<div class=\"wp-block-cover alignfull is-light\" id=\"playlist-youtube\"><span aria-hidden=\"true\" class=\"wp-block-cover__background has-high-light-background-color has-background-dim-100 has-background-dim\"><\/span><div class=\"wp-block-cover__inner-container is-layout-constrained wp-block-cover-is-layout-constrained\"><div class='video-gallery-block video-block'><div class='cookieyes-placeholder'><h3>\u00c9 necess\u00e1rio aceitar os cookies para carregar os v\u00eddeos do YouTube<\/h3><\/div><div class=\"video-gallery-block-title\">\n                    <h2>Video gallery<\/h2>\n                    <div class=\"title-line\"><\/div>\n            <\/div><div class='video-gallery-wrapper'><div class=\"embed-template-block\">\n\t\t\t\t<p><strong>Giro de Not\u00edcias das Atingidas &#8211; 08 de mar\u00e7o de 2024<\/strong><\/p>\n\t\t\t\t<p>Adai Brasil<\/p>\n\t\t\t\t<figure class=\"wp-block-embed is-type-video is-provider-youtube\">\n\t\t\t\t\t<div class=\"wp-block-embed__wrapper\">\n\t\t\t\t\t\t<iframe class=\"lazy-loaded\"\n\t\t\t\t\t\t\tloading=\"lazy\"\n\t\t\t\t\t\t\ttitle=\"Giro de Not\u00edcias das Atingidas - 08 de mar\u00e7o de 2024\"\n\t\t\t\t\t\t\tdata-lazy-type=\"iframe\"\n\t\t\t\t\t\t\tdata-src=\"https:\/\/www.youtube-nocookie.com\/embed\/mBRWuoqOKvg?origin=https:\/\/adaibrasil.org.br\/en\/&#038;showinfo=0&#038;video-id=mBRWuoqOKvg&#038;modestbranding=1&#038;rel=0\"\n\t\t\t\t\t\t\tallow=\"accelerometer; autoplay; clipboard-write; encrypted-media; gyroscope; picture-in-picture\"\n\t\t\t\t\t\t\tallowfullscreen=\"\"\n\t\t\t\t\t\t\tsrc=\"https:\/\/www.youtube-nocookie.com\/embed\/mBRWuoqOKvg?origin=https:\/\/adaibrasil.org.br\/en\/&#038;showinfo=0&#038;video-id=mBRWuoqOKvg&#038;modestbranding=1&#038;rel=0\"\n\t\t\t\t\t\t\twidth=\"1200\" height=\"675\" frameborder=\"0\"><\/iframe>\n\n\t\t\t\t\t\t<noscript>\n\t\t\t\t\t\t\t<iframe loading=\"lazy\"\n\t\t\t\t\t\t\t\ttitle=\"Giro de Not\u00edcias das Atingidas - 08 de mar\u00e7o de 2024\"\n\t\t\t\t\t\t\t\twidth=\"1200\"\n\t\t\t\t\t\t\t\theight=\"675\"\n\t\t\t\t\t\t\t\tsrc=\"https:\/\/www.youtube-nocookie.com\/embed\/mBRWuoqOKvg?origin=https:\/\/adaibrasil.org.br\/en\/&#038;showinfo=0&#038;video-id=mBRWuoqOKvg&#038;modestbranding=1&#038;rel=0\" frameborder=\"0\"\n\t\t\t\t\t\t\t\tallow=\"accelerometer; autoplay; clipboard-write; encrypted-media; gyroscope; picture-in-picture\" allowfullscreen>\n\t\t\t\t\t\t\t<\/iframe>\n\t\t\t\t\t\t<\/noscript>\n\t\t\t\t\t<\/div>\n\t\t\t\t<\/figure>\n\t\t\t<\/div><div class=\"embed-template-block\">\n\t\t\t\t<p><strong>Orienta\u00e7\u00f5es sobre o recebimento de carta referente ao Aux\u00edlio Financeiro Emergencial (AFE)<\/strong><\/p>\n\t\t\t\t<p>Adai Brasil<\/p>\n\t\t\t\t<figure class=\"wp-block-embed is-type-video is-provider-youtube\">\n\t\t\t\t\t<div class=\"wp-block-embed__wrapper\">\n\t\t\t\t\t\t<iframe class=\"lazy-loaded\"\n\t\t\t\t\t\t\tloading=\"lazy\"\n\t\t\t\t\t\t\ttitle=\"Orienta\u00e7\u00f5es sobre o recebimento de carta referente ao Aux\u00edlio Financeiro Emergencial (AFE)\"\n\t\t\t\t\t\t\tdata-lazy-type=\"iframe\"\n\t\t\t\t\t\t\tdata-src=\"https:\/\/www.youtube-nocookie.com\/embed\/0bzj52sTIIE?origin=https:\/\/adaibrasil.org.br\/en\/&#038;showinfo=0&#038;video-id=0bzj52sTIIE&#038;modestbranding=1&#038;rel=0\"\n\t\t\t\t\t\t\tallow=\"accelerometer; autoplay; clipboard-write; encrypted-media; gyroscope; picture-in-picture\"\n\t\t\t\t\t\t\tallowfullscreen=\"\"\n\t\t\t\t\t\t\tsrc=\"https:\/\/www.youtube-nocookie.com\/embed\/0bzj52sTIIE?origin=https:\/\/adaibrasil.org.br\/en\/&#038;showinfo=0&#038;video-id=0bzj52sTIIE&#038;modestbranding=1&#038;rel=0\"\n\t\t\t\t\t\t\twidth=\"1200\" height=\"675\" frameborder=\"0\"><\/iframe>\n\n\t\t\t\t\t\t<noscript>\n\t\t\t\t\t\t\t<iframe loading=\"lazy\"\n\t\t\t\t\t\t\t\ttitle=\"Orienta\u00e7\u00f5es sobre o recebimento de carta referente ao Aux\u00edlio Financeiro Emergencial (AFE)\"\n\t\t\t\t\t\t\t\twidth=\"1200\"\n\t\t\t\t\t\t\t\theight=\"675\"\n\t\t\t\t\t\t\t\tsrc=\"https:\/\/www.youtube-nocookie.com\/embed\/0bzj52sTIIE?origin=https:\/\/adaibrasil.org.br\/en\/&#038;showinfo=0&#038;video-id=0bzj52sTIIE&#038;modestbranding=1&#038;rel=0\" frameborder=\"0\"\n\t\t\t\t\t\t\t\tallow=\"accelerometer; autoplay; clipboard-write; encrypted-media; gyroscope; picture-in-picture\" allowfullscreen>\n\t\t\t\t\t\t\t<\/iframe>\n\t\t\t\t\t\t<\/noscript>\n\t\t\t\t\t<\/div>\n\t\t\t\t<\/figure>\n\t\t\t<\/div><div class=\"embed-template-block\">\n\t\t\t\t<p><strong>S\u00e9rie Demandas do Povo &#8211; Indeniza\u00e7\u00f5es<\/strong><\/p>\n\t\t\t\t<p>Adai Brasil<\/p>\n\t\t\t\t<figure class=\"wp-block-embed is-type-video is-provider-youtube\">\n\t\t\t\t\t<div class=\"wp-block-embed__wrapper\">\n\t\t\t\t\t\t<iframe class=\"lazy-loaded\"\n\t\t\t\t\t\t\tloading=\"lazy\"\n\t\t\t\t\t\t\ttitle=\"S\u00e9rie Demandas do Povo - Indeniza\u00e7\u00f5es\"\n\t\t\t\t\t\t\tdata-lazy-type=\"iframe\"\n\t\t\t\t\t\t\tdata-src=\"https:\/\/www.youtube-nocookie.com\/embed\/6796qThd4Ko?origin=https:\/\/adaibrasil.org.br\/en\/&#038;showinfo=0&#038;video-id=6796qThd4Ko&#038;modestbranding=1&#038;rel=0\"\n\t\t\t\t\t\t\tallow=\"accelerometer; autoplay; clipboard-write; encrypted-media; gyroscope; picture-in-picture\"\n\t\t\t\t\t\t\tallowfullscreen=\"\"\n\t\t\t\t\t\t\tsrc=\"https:\/\/www.youtube-nocookie.com\/embed\/6796qThd4Ko?origin=https:\/\/adaibrasil.org.br\/en\/&#038;showinfo=0&#038;video-id=6796qThd4Ko&#038;modestbranding=1&#038;rel=0\"\n\t\t\t\t\t\t\twidth=\"1200\" height=\"675\" frameborder=\"0\"><\/iframe>\n\n\t\t\t\t\t\t<noscript>\n\t\t\t\t\t\t\t<iframe loading=\"lazy\"\n\t\t\t\t\t\t\t\ttitle=\"S\u00e9rie Demandas do Povo - Indeniza\u00e7\u00f5es\"\n\t\t\t\t\t\t\t\twidth=\"1200\"\n\t\t\t\t\t\t\t\theight=\"675\"\n\t\t\t\t\t\t\t\tsrc=\"https:\/\/www.youtube-nocookie.com\/embed\/6796qThd4Ko?origin=https:\/\/adaibrasil.org.br\/en\/&#038;showinfo=0&#038;video-id=6796qThd4Ko&#038;modestbranding=1&#038;rel=0\" frameborder=\"0\"\n\t\t\t\t\t\t\t\tallow=\"accelerometer; autoplay; clipboard-write; encrypted-media; gyroscope; picture-in-picture\" allowfullscreen>\n\t\t\t\t\t\t\t<\/iframe>\n\t\t\t\t\t\t<\/noscript>\n\t\t\t\t\t<\/div>\n\t\t\t\t<\/figure>\n\t\t\t<\/div><div class=\"embed-template-block\">\n\t\t\t\t<p><strong>GIRO DE NOT\u00cdCIAS UMA RETROSPECTIVA DO TRABALHO DA ASSESSORIA ADAI NO ESP\u00cdRITO SANTO<\/strong><\/p>\n\t\t\t\t<p>Adai Brasil<\/p>\n\t\t\t\t<figure class=\"wp-block-embed is-type-video is-provider-youtube\">\n\t\t\t\t\t<div class=\"wp-block-embed__wrapper\">\n\t\t\t\t\t\t<iframe class=\"lazy-loaded\"\n\t\t\t\t\t\t\tloading=\"lazy\"\n\t\t\t\t\t\t\ttitle=\"GIRO DE NOT\u00cdCIAS UMA RETROSPECTIVA DO TRABALHO DA ASSESSORIA ADAI NO ESP\u00cdRITO SANTO\"\n\t\t\t\t\t\t\tdata-lazy-type=\"iframe\"\n\t\t\t\t\t\t\tdata-src=\"https:\/\/www.youtube-nocookie.com\/embed\/lXYhkEKWEUk?origin=https:\/\/adaibrasil.org.br\/en\/&#038;showinfo=0&#038;video-id=lXYhkEKWEUk&#038;modestbranding=1&#038;rel=0\"\n\t\t\t\t\t\t\tallow=\"accelerometer; autoplay; clipboard-write; encrypted-media; gyroscope; picture-in-picture\"\n\t\t\t\t\t\t\tallowfullscreen=\"\"\n\t\t\t\t\t\t\tsrc=\"https:\/\/www.youtube-nocookie.com\/embed\/lXYhkEKWEUk?origin=https:\/\/adaibrasil.org.br\/en\/&#038;showinfo=0&#038;video-id=lXYhkEKWEUk&#038;modestbranding=1&#038;rel=0\"\n\t\t\t\t\t\t\twidth=\"1200\" height=\"675\" frameborder=\"0\"><\/iframe>\n\n\t\t\t\t\t\t<noscript>\n\t\t\t\t\t\t\t<iframe loading=\"lazy\"\n\t\t\t\t\t\t\t\ttitle=\"GIRO DE NOT\u00cdCIAS UMA RETROSPECTIVA DO TRABALHO DA ASSESSORIA ADAI NO ESP\u00cdRITO SANTO\"\n\t\t\t\t\t\t\t\twidth=\"1200\"\n\t\t\t\t\t\t\t\theight=\"675\"\n\t\t\t\t\t\t\t\tsrc=\"https:\/\/www.youtube-nocookie.com\/embed\/lXYhkEKWEUk?origin=https:\/\/adaibrasil.org.br\/en\/&#038;showinfo=0&#038;video-id=lXYhkEKWEUk&#038;modestbranding=1&#038;rel=0\" frameborder=\"0\"\n\t\t\t\t\t\t\t\tallow=\"accelerometer; autoplay; clipboard-write; encrypted-media; gyroscope; picture-in-picture\" allowfullscreen>\n\t\t\t\t\t\t\t<\/iframe>\n\t\t\t\t\t\t<\/noscript>\n\t\t\t\t\t<\/div>\n\t\t\t\t<\/figure>\n\t\t\t<\/div><div class=\"embed-template-block\">\n\t\t\t\t<p><strong>Demandas do Povo &#8211; Aux\u00edlio Financeiro<\/strong><\/p>\n\t\t\t\t<p>Adai Brasil<\/p>\n\t\t\t\t<figure class=\"wp-block-embed is-type-video is-provider-youtube\">\n\t\t\t\t\t<div class=\"wp-block-embed__wrapper\">\n\t\t\t\t\t\t<iframe class=\"lazy-loaded\"\n\t\t\t\t\t\t\tloading=\"lazy\"\n\t\t\t\t\t\t\ttitle=\"Demandas do Povo - Aux\u00edlio Financeiro\"\n\t\t\t\t\t\t\tdata-lazy-type=\"iframe\"\n\t\t\t\t\t\t\tdata-src=\"https:\/\/www.youtube-nocookie.com\/embed\/jK2rBgQQziY?origin=https:\/\/adaibrasil.org.br\/en\/&#038;showinfo=0&#038;video-id=jK2rBgQQziY&#038;modestbranding=1&#038;rel=0\"\n\t\t\t\t\t\t\tallow=\"accelerometer; autoplay; clipboard-write; encrypted-media; gyroscope; picture-in-picture\"\n\t\t\t\t\t\t\tallowfullscreen=\"\"\n\t\t\t\t\t\t\tsrc=\"https:\/\/www.youtube-nocookie.com\/embed\/jK2rBgQQziY?origin=https:\/\/adaibrasil.org.br\/en\/&#038;showinfo=0&#038;video-id=jK2rBgQQziY&#038;modestbranding=1&#038;rel=0\"\n\t\t\t\t\t\t\twidth=\"1200\" height=\"675\" frameborder=\"0\"><\/iframe>\n\n\t\t\t\t\t\t<noscript>\n\t\t\t\t\t\t\t<iframe loading=\"lazy\"\n\t\t\t\t\t\t\t\ttitle=\"Demandas do Povo - Aux\u00edlio Financeiro\"\n\t\t\t\t\t\t\t\twidth=\"1200\"\n\t\t\t\t\t\t\t\theight=\"675\"\n\t\t\t\t\t\t\t\tsrc=\"https:\/\/www.youtube-nocookie.com\/embed\/jK2rBgQQziY?origin=https:\/\/adaibrasil.org.br\/en\/&#038;showinfo=0&#038;video-id=jK2rBgQQziY&#038;modestbranding=1&#038;rel=0\" frameborder=\"0\"\n\t\t\t\t\t\t\t\tallow=\"accelerometer; autoplay; clipboard-write; encrypted-media; gyroscope; picture-in-picture\" allowfullscreen>\n\t\t\t\t\t\t\t<\/iframe>\n\t\t\t\t\t\t<\/noscript>\n\t\t\t\t\t<\/div>\n\t\t\t\t<\/figure>\n\t\t\t<\/div><div class=\"embed-template-block\">\n\t\t\t\t<p><strong>Demandas do Povo &#8211; Enchentes<\/strong><\/p>\n\t\t\t\t<p>Adai Brasil<\/p>\n\t\t\t\t<figure class=\"wp-block-embed is-type-video is-provider-youtube\">\n\t\t\t\t\t<div class=\"wp-block-embed__wrapper\">\n\t\t\t\t\t\t<iframe class=\"lazy-loaded\"\n\t\t\t\t\t\t\tloading=\"lazy\"\n\t\t\t\t\t\t\ttitle=\"Demandas do Povo - Enchentes\"\n\t\t\t\t\t\t\tdata-lazy-type=\"iframe\"\n\t\t\t\t\t\t\tdata-src=\"https:\/\/www.youtube-nocookie.com\/embed\/qz7N3HrurKM?origin=https:\/\/adaibrasil.org.br\/en\/&#038;showinfo=0&#038;video-id=qz7N3HrurKM&#038;modestbranding=1&#038;rel=0\"\n\t\t\t\t\t\t\tallow=\"accelerometer; autoplay; clipboard-write; encrypted-media; gyroscope; picture-in-picture\"\n\t\t\t\t\t\t\tallowfullscreen=\"\"\n\t\t\t\t\t\t\tsrc=\"https:\/\/www.youtube-nocookie.com\/embed\/qz7N3HrurKM?origin=https:\/\/adaibrasil.org.br\/en\/&#038;showinfo=0&#038;video-id=qz7N3HrurKM&#038;modestbranding=1&#038;rel=0\"\n\t\t\t\t\t\t\twidth=\"1200\" height=\"675\" frameborder=\"0\"><\/iframe>\n\n\t\t\t\t\t\t<noscript>\n\t\t\t\t\t\t\t<iframe loading=\"lazy\"\n\t\t\t\t\t\t\t\ttitle=\"Demandas do Povo - Enchentes\"\n\t\t\t\t\t\t\t\twidth=\"1200\"\n\t\t\t\t\t\t\t\theight=\"675\"\n\t\t\t\t\t\t\t\tsrc=\"https:\/\/www.youtube-nocookie.com\/embed\/qz7N3HrurKM?origin=https:\/\/adaibrasil.org.br\/en\/&#038;showinfo=0&#038;video-id=qz7N3HrurKM&#038;modestbranding=1&#038;rel=0\" frameborder=\"0\"\n\t\t\t\t\t\t\t\tallow=\"accelerometer; autoplay; clipboard-write; encrypted-media; gyroscope; picture-in-picture\" allowfullscreen>\n\t\t\t\t\t\t\t<\/iframe>\n\t\t\t\t\t\t<\/noscript>\n\t\t\t\t\t<\/div>\n\t\t\t\t<\/figure>\n\t\t\t<\/div><\/div><\/div><\/div><\/div>\n\n\n\n<div class=\"wp-block-cover aligncenter is-light\" style=\"min-height:439px;aspect-ratio:unset;\" id=\"slider-parceiros\"><span aria-hidden=\"true\" class=\"wp-block-cover__background has-high-pure-background-color has-background-dim-100 has-background-dim\"><\/span><div class=\"wp-block-cover__inner-container is-layout-constrained wp-block-cover-is-layout-constrained\">\n<h2 class=\"wp-block-heading has-text-align-center has-really-large-font-size\" style=\"font-style:normal;font-weight:800\">Partnerships<\/h2>\n\n\n\n<div class=\"wp-block-getwid-content-slider has-arrows-outside has-dots-outside\" data-autoplay=\"true\" data-infinite=\"true\" data-draggable=\"false\" data-pause-hover=\"true\" data-arrows=\"outside\" data-dots=\"outside\"><div class=\"wp-block-getwid-content-slider__wrapper\">\n<div class=\"wp-block-getwid-content-slider-slide\"><div class=\"wp-block-getwid-content-slider-slide__wrapper\">\n<figure class=\"wp-block-image aligncenter size-full is-resized\"><img loading=\"lazy\" decoding=\"async\" width=\"961\" height=\"287\" src=\"https:\/\/adaibrasil.org.br\/wp-content\/uploads\/2023\/11\/Group-195.png\" alt=\"\" class=\"wp-image-89\" style=\"width:880px\" srcset=\"https:\/\/adaibrasil.org.br\/wp-content\/uploads\/2023\/11\/Group-195.png 961w, https:\/\/adaibrasil.org.br\/wp-content\/uploads\/2023\/11\/Group-195-300x90.png 300w, https:\/\/adaibrasil.org.br\/wp-content\/uploads\/2023\/11\/Group-195-768x229.png 768w\" sizes=\"auto, (max-width: 961px) 100vw, 961px\" \/><\/figure>\n<\/div><\/div>\n\n\n\n<div class=\"wp-block-getwid-content-slider-slide\"><div class=\"wp-block-getwid-content-slider-slide__wrapper\">\n<figure class=\"wp-block-image aligncenter size-full is-resized\"><img loading=\"lazy\" decoding=\"async\" width=\"939\" height=\"271\" src=\"https:\/\/adaibrasil.org.br\/wp-content\/uploads\/2023\/11\/Group-196-1.png\" alt=\"\" class=\"wp-image-91\" style=\"width:880px\" srcset=\"https:\/\/adaibrasil.org.br\/wp-content\/uploads\/2023\/11\/Group-196-1.png 939w, https:\/\/adaibrasil.org.br\/wp-content\/uploads\/2023\/11\/Group-196-1-300x87.png 300w, https:\/\/adaibrasil.org.br\/wp-content\/uploads\/2023\/11\/Group-196-1-768x222.png 768w\" sizes=\"auto, (max-width: 939px) 100vw, 939px\" \/><\/figure>\n<\/div><\/div>\n<\/div><\/div>\n<\/div><\/div>\n\n\n\n<div class=\"wp-block-cover alignfull is-light cover-newsletter\"><span aria-hidden=\"true\" class=\"wp-block-cover__background has-high-light-background-color has-background-dim-100 has-background-dim\"><\/span><div class=\"wp-block-cover__inner-container is-layout-constrained wp-block-cover-is-layout-constrained\">\n<h2 class=\"wp-block-heading has-text-align-center has-really-large-font-size\" style=\"font-style:normal;font-weight:800\">Newsletter<\/h2>\n\n\n\n<div class=\"wp-block-columns is-layout-flex wp-container-core-columns-is-layout-28f84493 wp-block-columns-is-layout-flex\">\n<div class=\"wp-block-column is-layout-flow wp-block-column-is-layout-flow\" style=\"flex-basis:25%\"><\/div>\n\n\n\n<div class=\"wp-block-column is-layout-flow wp-block-column-is-layout-flow\" style=\"flex-basis:50%\"><form method=\"post\" action=\"https:\/\/adaibrasil.org.br\/wp-admin\/admin-ajax.php?action=tnp&amp;na=s\" class=\"tnp-subscription\" style=\"\">\n<input type=\"hidden\" name=\"nlang\" value=\"en\">\n<br \/>\n<div class=\"tnp-field tnp-field-email\"><input class=\"tnp-email\" type=\"email\" name=\"ne\" id=\"tnp-1\" value=\"\" placeholder=\"E-mail\" required><\/div>\n<br \/>\n<div class=\"tnp-field tnp-field-firstname\"><input class=\"tnp-name\" type=\"text\" name=\"nn\" id=\"tnp-2\" value=\"\" placeholder=\"Name\"><\/div>\n<br \/>\n<div class=\"tnp-field tnp-field-checkbox tnp-field-privacy\"><input type=\"checkbox\" name=\"ny\" required class=\"tnp-privacy\" id=\"tnp-3\"> <label for=\"tnp-3\">I accept the terms of the Privacy Policy.<\/label><\/div><br \/>\n<div class=\"tnp-field tnp-field-button\" style=\"text-align: left\"><input class=\"tnp-submit\" type=\"submit\" value=\"Sign\" style=\"\">\n<\/div>\n<\/form>\n<\/div>\n\n\n\n<div class=\"wp-block-column is-layout-flow wp-block-column-is-layout-flow\" style=\"flex-basis:25%\"><\/div>\n<\/div>\n<\/div><\/div>\n","protected":false},"excerpt":{"rendered":"","protected":false},"author":1,"featured_media":0,"parent":0,"menu_order":0,"comment_status":"closed","ping_status":"closed","template":"","meta":{"_monsterinsights_skip_tracking":false,"_monsterinsights_sitenote_active":false,"_monsterinsights_sitenote_note":"","_monsterinsights_sitenote_category":0,"footnotes":""},"class_list":["post-18308","page","type-page","status-publish","hentry"],"yoast_head":"<!-- This site is optimized with the Yoast SEO plugin v26.8 - https:\/\/yoast.com\/product\/yoast-seo-wordpress\/ -->\n<title>Home - ADAI - Produzir e cultivar com sustentabilidade e participa\u00e7\u00e3o<\/title>\n<meta name=\"robots\" content=\"index, follow, max-snippet:-1, max-image-preview:large, max-video-preview:-1\" \/>\n<link rel=\"canonical\" href=\"https:\/\/adaibrasil.org.br\/en\/\" \/>\n<meta property=\"og:locale\" content=\"en_US\" \/>\n<meta property=\"og:type\" content=\"article\" \/>\n<meta property=\"og:title\" content=\"Home - ADAI - Produzir e cultivar com sustentabilidade e participa\u00e7\u00e3o\" \/>\n<meta property=\"og:url\" content=\"https:\/\/adaibrasil.org.br\/en\/\" \/>\n<meta property=\"og:site_name\" content=\"ADAI - Produzir e cultivar com sustentabilidade e participa\u00e7\u00e3o\" \/>\n<meta property=\"article:publisher\" content=\"https:\/\/www.facebook.com\/adaibrasil\" \/>\n<meta property=\"article:modified_time\" content=\"2026-02-27T13:09:15+00:00\" \/>\n<meta property=\"og:image\" content=\"https:\/\/adaibrasil.org.br\/wp-content\/uploads\/2023\/11\/agua.png\" \/>\n<meta name=\"twitter:card\" content=\"summary_large_image\" \/>\n<meta name=\"twitter:label1\" content=\"Est. reading time\" \/>\n\t<meta name=\"twitter:data1\" content=\"4 minutes\" \/>\n<script type=\"application\/ld+json\" class=\"yoast-schema-graph\">{\"@context\":\"https:\/\/schema.org\",\"@graph\":[{\"@type\":\"WebPage\",\"@id\":\"https:\/\/adaibrasil.org.br\/en\/\",\"url\":\"https:\/\/adaibrasil.org.br\/en\/\",\"name\":\"Home - ADAI - Produzir e cultivar com sustentabilidade e participa\u00e7\u00e3o\",\"isPartOf\":{\"@id\":\"https:\/\/adaibrasil.org.br\/en\/#website\"},\"primaryImageOfPage\":{\"@id\":\"https:\/\/adaibrasil.org.br\/en\/#primaryimage\"},\"image\":{\"@id\":\"https:\/\/adaibrasil.org.br\/en\/#primaryimage\"},\"thumbnailUrl\":\"https:\/\/adaibrasil.org.br\/wp-content\/uploads\/2023\/11\/agua.png\",\"datePublished\":\"2023-10-31T19:02:00+00:00\",\"dateModified\":\"2026-02-27T13:09:15+00:00\",\"breadcrumb\":{\"@id\":\"https:\/\/adaibrasil.org.br\/en\/#breadcrumb\"},\"inLanguage\":\"en-US\",\"potentialAction\":[{\"@type\":\"ReadAction\",\"target\":[\"https:\/\/adaibrasil.org.br\/en\/\"]}]},{\"@type\":\"ImageObject\",\"inLanguage\":\"en-US\",\"@id\":\"https:\/\/adaibrasil.org.br\/en\/#primaryimage\",\"url\":\"https:\/\/adaibrasil.org.br\/wp-content\/uploads\/2023\/11\/agua.png\",\"contentUrl\":\"https:\/\/adaibrasil.org.br\/wp-content\/uploads\/2023\/11\/agua.png\"},{\"@type\":\"BreadcrumbList\",\"@id\":\"https:\/\/adaibrasil.org.br\/en\/#breadcrumb\",\"itemListElement\":[{\"@type\":\"ListItem\",\"position\":1,\"name\":\"Index\",\"item\":\"https:\/\/adaibrasil.org.br\/en\/home-2\/\"},{\"@type\":\"ListItem\",\"position\":2,\"name\":\"Home\"}]},{\"@type\":\"WebSite\",\"@id\":\"https:\/\/adaibrasil.org.br\/en\/#website\",\"url\":\"https:\/\/adaibrasil.org.br\/en\/\",\"name\":\"Adai\",\"description\":\"Associa\u00e7\u00e3o de Desenvolvimento Agr\u00edcola Interestadual\",\"publisher\":{\"@id\":\"https:\/\/adaibrasil.org.br\/en\/#organization\"},\"potentialAction\":[{\"@type\":\"SearchAction\",\"target\":{\"@type\":\"EntryPoint\",\"urlTemplate\":\"https:\/\/adaibrasil.org.br\/en\/?s={search_term_string}\"},\"query-input\":{\"@type\":\"PropertyValueSpecification\",\"valueRequired\":true,\"valueName\":\"search_term_string\"}}],\"inLanguage\":\"en-US\"},{\"@type\":\"Organization\",\"@id\":\"https:\/\/adaibrasil.org.br\/en\/#organization\",\"name\":\"Adai\",\"url\":\"https:\/\/adaibrasil.org.br\/en\/\",\"logo\":{\"@type\":\"ImageObject\",\"inLanguage\":\"en-US\",\"@id\":\"https:\/\/adaibrasil.org.br\/en\/#\/schema\/logo\/image\/\",\"url\":\"https:\/\/adaibrasil.org.br\/wp-content\/uploads\/2017\/08\/Adai.png\",\"contentUrl\":\"https:\/\/adaibrasil.org.br\/wp-content\/uploads\/2017\/08\/Adai.png\",\"width\":984,\"height\":355,\"caption\":\"Adai\"},\"image\":{\"@id\":\"https:\/\/adaibrasil.org.br\/en\/#\/schema\/logo\/image\/\"},\"sameAs\":[\"https:\/\/www.facebook.com\/adaibrasil\",\"https:\/\/www.instagram.com\/adaibrasil\/\",\"https:\/\/www.youtube.com\/@AdaiBrasil\"]}]}<\/script>\n<!-- \/ Yoast SEO plugin. -->","yoast_head_json":{"title":"Home - ADAI - Produzir e cultivar com sustentabilidade e participa\u00e7\u00e3o","robots":{"index":"index","follow":"follow","max-snippet":"max-snippet:-1","max-image-preview":"max-image-preview:large","max-video-preview":"max-video-preview:-1"},"canonical":"https:\/\/adaibrasil.org.br\/en\/","og_locale":"en_US","og_type":"article","og_title":"Home - ADAI - Produzir e cultivar com sustentabilidade e participa\u00e7\u00e3o","og_url":"https:\/\/adaibrasil.org.br\/en\/","og_site_name":"ADAI - Produzir e cultivar com sustentabilidade e participa\u00e7\u00e3o","article_publisher":"https:\/\/www.facebook.com\/adaibrasil","article_modified_time":"2026-02-27T13:09:15+00:00","og_image":[{"url":"https:\/\/adaibrasil.org.br\/wp-content\/uploads\/2023\/11\/agua.png","type":"","width":"","height":""}],"twitter_card":"summary_large_image","twitter_misc":{"Est. reading time":"4 minutes"},"schema":{"@context":"https:\/\/schema.org","@graph":[{"@type":"WebPage","@id":"https:\/\/adaibrasil.org.br\/en\/","url":"https:\/\/adaibrasil.org.br\/en\/","name":"Home - ADAI - Produzir e cultivar com sustentabilidade e participa\u00e7\u00e3o","isPartOf":{"@id":"https:\/\/adaibrasil.org.br\/en\/#website"},"primaryImageOfPage":{"@id":"https:\/\/adaibrasil.org.br\/en\/#primaryimage"},"image":{"@id":"https:\/\/adaibrasil.org.br\/en\/#primaryimage"},"thumbnailUrl":"https:\/\/adaibrasil.org.br\/wp-content\/uploads\/2023\/11\/agua.png","datePublished":"2023-10-31T19:02:00+00:00","dateModified":"2026-02-27T13:09:15+00:00","breadcrumb":{"@id":"https:\/\/adaibrasil.org.br\/en\/#breadcrumb"},"inLanguage":"en-US","potentialAction":[{"@type":"ReadAction","target":["https:\/\/adaibrasil.org.br\/en\/"]}]},{"@type":"ImageObject","inLanguage":"en-US","@id":"https:\/\/adaibrasil.org.br\/en\/#primaryimage","url":"https:\/\/adaibrasil.org.br\/wp-content\/uploads\/2023\/11\/agua.png","contentUrl":"https:\/\/adaibrasil.org.br\/wp-content\/uploads\/2023\/11\/agua.png"},{"@type":"BreadcrumbList","@id":"https:\/\/adaibrasil.org.br\/en\/#breadcrumb","itemListElement":[{"@type":"ListItem","position":1,"name":"Index","item":"https:\/\/adaibrasil.org.br\/en\/home-2\/"},{"@type":"ListItem","position":2,"name":"Home"}]},{"@type":"WebSite","@id":"https:\/\/adaibrasil.org.br\/en\/#website","url":"https:\/\/adaibrasil.org.br\/en\/","name":"Adai","description":"Associa\u00e7\u00e3o de Desenvolvimento Agr\u00edcola Interestadual","publisher":{"@id":"https:\/\/adaibrasil.org.br\/en\/#organization"},"potentialAction":[{"@type":"SearchAction","target":{"@type":"EntryPoint","urlTemplate":"https:\/\/adaibrasil.org.br\/en\/?s={search_term_string}"},"query-input":{"@type":"PropertyValueSpecification","valueRequired":true,"valueName":"search_term_string"}}],"inLanguage":"en-US"},{"@type":"Organization","@id":"https:\/\/adaibrasil.org.br\/en\/#organization","name":"Adai","url":"https:\/\/adaibrasil.org.br\/en\/","logo":{"@type":"ImageObject","inLanguage":"en-US","@id":"https:\/\/adaibrasil.org.br\/en\/#\/schema\/logo\/image\/","url":"https:\/\/adaibrasil.org.br\/wp-content\/uploads\/2017\/08\/Adai.png","contentUrl":"https:\/\/adaibrasil.org.br\/wp-content\/uploads\/2017\/08\/Adai.png","width":984,"height":355,"caption":"Adai"},"image":{"@id":"https:\/\/adaibrasil.org.br\/en\/#\/schema\/logo\/image\/"},"sameAs":["https:\/\/www.facebook.com\/adaibrasil","https:\/\/www.instagram.com\/adaibrasil\/","https:\/\/www.youtube.com\/@AdaiBrasil"]}]}},"_links":{"self":[{"href":"https:\/\/adaibrasil.org.br\/en\/wp-json\/wp\/v2\/pages\/18308","targetHints":{"allow":["GET"]}}],"collection":[{"href":"https:\/\/adaibrasil.org.br\/en\/wp-json\/wp\/v2\/pages"}],"about":[{"href":"https:\/\/adaibrasil.org.br\/en\/wp-json\/wp\/v2\/types\/page"}],"author":[{"embeddable":true,"href":"https:\/\/adaibrasil.org.br\/en\/wp-json\/wp\/v2\/users\/1"}],"replies":[{"embeddable":true,"href":"https:\/\/adaibrasil.org.br\/en\/wp-json\/wp\/v2\/comments?post=18308"}],"version-history":[{"count":1,"href":"https:\/\/adaibrasil.org.br\/en\/wp-json\/wp\/v2\/pages\/18308\/revisions"}],"predecessor-version":[{"id":18311,"href":"https:\/\/adaibrasil.org.br\/en\/wp-json\/wp\/v2\/pages\/18308\/revisions\/18311"}],"wp:attachment":[{"href":"https:\/\/adaibrasil.org.br\/en\/wp-json\/wp\/v2\/media?parent=18308"}],"curies":[{"name":"wp","href":"https:\/\/api.w.org\/{rel}","templated":true}]}}